{"id":24,"date":"2022-11-15T23:24:29","date_gmt":"2022-11-15T23:24:29","guid":{"rendered":"https:\/\/sloveniafamilyholidays.com\/about-us\/"},"modified":"2023-01-19T13:48:43","modified_gmt":"2023-01-19T13:48:43","slug":"om-oss","status":"publish","type":"page","link":"https:\/\/sloveniafamilyholidays.com\/sv\/about-us\/","title":{"rendered":"Om oss"},"content":{"rendered":"<p>Att skapa minnesv\u00e4rda upplevelser f\u00f6r bes\u00f6kare i Slovenien har alltid varit min hobby.<\/p>\n\n\n\n<p>Varje dag uppmuntras jag av att vara ute i naturen eller bland kulturskatter tillsammans med andra fascinerande personer, samt av den dynamiska aspekten av ett vanligt arbete. Det \u00e4r d\u00e4rf\u00f6r jag har arbetat som turistguide s\u00e5 l\u00e4nge.<\/p>\n\n\n\n<figure class=\"wp-block-image size-large\"><img loading=\"lazy\" decoding=\"async\" width=\"1024\" height=\"683\" src=\"https:\/\/sloveniafamilyholidays.com\/wp-content\/uploads\/Cow-farm-in-Jezersko-1024x683.webp\" alt=\"Ko-farm i Jezersko\" class=\"wp-image-170\" srcset=\"https:\/\/sloveniafamilyholidays.com\/wp-content\/uploads\/Cow-farm-in-Jezersko-1024x683.webp 1024w, https:\/\/sloveniafamilyholidays.com\/wp-content\/uploads\/Cow-farm-in-Jezersko-300x200.webp 300w, https:\/\/sloveniafamilyholidays.com\/wp-content\/uploads\/Cow-farm-in-Jezersko-768x512.webp 768w, https:\/\/sloveniafamilyholidays.com\/wp-content\/uploads\/Cow-farm-in-Jezersko-1536x1024.webp 1536w, https:\/\/sloveniafamilyholidays.com\/wp-content\/uploads\/Cow-farm-in-Jezersko-2048x1365.webp 2048w, https:\/\/sloveniafamilyholidays.com\/wp-content\/uploads\/Cow-farm-in-Jezersko-18x12.webp 18w, https:\/\/sloveniafamilyholidays.com\/wp-content\/uploads\/Cow-farm-in-Jezersko-scaled.webp 1920w\" sizes=\"auto, (max-width: 1024px) 100vw, 1024px\" \/><figcaption class=\"wp-element-caption\">Slovenien \u00e4r ett familjev\u00e4nligt resm\u00e5l<\/figcaption><\/figure>\n\n\n\n<p>Under min studietid brukade jag visa utbytesstudenterna hur vackert Slovenien \u00e4r. Nu g\u00f6r jag samma sak i st\u00f6rre skala och visar Sloveniens rika landskap och kultur f\u00f6r de familjer som vill bes\u00f6ka detta magiska h\u00f6rn av Europa.<\/p>\n\n\n\n<p>Jag \u00e4r ocks\u00e5 en <strong>ivrig resen\u00e4r<\/strong> som har rest \u00f6ver hela v\u00e4rlden. Jag gillar att l\u00e4ra mig om olika kulturer, vilket motiverar mig n\u00e4r jag har kontakt med v\u00e5ra bes\u00f6kare. Jag vet ocks\u00e5 hur jag ska hantera barn eftersom jag har jobbat inom turismen s\u00e5 l\u00e4nge.<\/p>\n\n\n\n<p>Arbetet p\u00e5 en resebyr\u00e5 i Slovenien gav mig v\u00e4rdefulla kunskaper. Jag l\u00e4rde mig om de vanligaste fr\u00e5gorna och vad folk tycker b\u00e4st om, kort sagt b\u00f6rjade jag f\u00f6rst\u00e5 vad folk vill n\u00e4r de bes\u00f6ker Slovenien.<\/p>\n\n\n\n<figure class=\"wp-block-image size-large\"><img loading=\"lazy\" decoding=\"async\" width=\"1024\" height=\"683\" src=\"https:\/\/sloveniafamilyholidays.com\/wp-content\/uploads\/happy-family-snow-1024x683.webp\" alt=\"lycklig familj sn\u00f6\" class=\"wp-image-231\" srcset=\"https:\/\/sloveniafamilyholidays.com\/wp-content\/uploads\/happy-family-snow-1024x683.webp 1024w, https:\/\/sloveniafamilyholidays.com\/wp-content\/uploads\/happy-family-snow-300x200.webp 300w, https:\/\/sloveniafamilyholidays.com\/wp-content\/uploads\/happy-family-snow-768x512.webp 768w, https:\/\/sloveniafamilyholidays.com\/wp-content\/uploads\/happy-family-snow-1536x1024.webp 1536w, https:\/\/sloveniafamilyholidays.com\/wp-content\/uploads\/happy-family-snow-2048x1365.webp 2048w, https:\/\/sloveniafamilyholidays.com\/wp-content\/uploads\/happy-family-snow-18x12.webp 18w, https:\/\/sloveniafamilyholidays.com\/wp-content\/uploads\/happy-family-snow-scaled.webp 1920w\" sizes=\"auto, (max-width: 1024px) 100vw, 1024px\" \/><figcaption class=\"wp-element-caption\">Bes\u00f6k Slovenien under alla \u00e5rstider<\/figcaption><\/figure>\n\n\n\n<p>Detta g\u00e4ller s\u00e4rskilt f\u00f6r familjer, eftersom <strong>Jag vet hur stressigt det \u00e4r att organisera semestern med barn.<\/strong>.<\/p>\n\n\n\n<p>\u00c4ven om alla dessa \u00e5r har format mig till den person jag \u00e4r har jag alltid haft en stark \u00f6nskan att f\u00f6rb\u00e4ttra saker och ting f\u00f6r v\u00e5ra bes\u00f6kare. Jag var framg\u00e5ngsrik, men det fanns s\u00e5 mycket mer jag ville uppn\u00e5.<\/p>\n\n\n\n<p>Slovenia Family Holidays bildades med hj\u00e4lp av mina turistkompisar f\u00f6r att f\u00f6rverkliga dessa ambitioner och erbjuda alla m\u00f6jligheten att njuta av den perfekta semestern i Slovenien.<\/p>\n\n\n\n<h2 class=\"wp-block-heading\">Ett team som vill ge dig den b\u00e4sta tiden i ditt liv<\/h2>\n\n\n\n<p>V\u00e5r bes\u00e4ttning best\u00e5r av m\u00e4nniskor som \u00e4r lika entusiastiska \u00f6ver att resa som \u00f6ver att dela denna entusiasm med andra. Vi arbetar direkt med <strong>expertguider<\/strong> och <strong>Lokala f\u00f6rs\u00e4ljare<\/strong> f\u00f6r att se till att din familjesemester g\u00e5r bra.<\/p>\n\n\n\n<p>V\u00e5ra g\u00e4sters feedback motiverar oss st\u00e4ndigt att forts\u00e4tta p\u00e5 v\u00e5r v\u00e4g och g\u00f6ra skillnad f\u00f6r fler m\u00e4nniskors semesterupplevelser. D\u00e4rf\u00f6r har vi gjort det till v\u00e5rt m\u00e5l att forts\u00e4tta att utveckla och hj\u00e4lpa fler och fler anl\u00e4ndande familjer att skapa of\u00f6rgl\u00f6mliga upplevelser under sin familjesemester i Slovenien.<\/p>\n\n\n\n<figure class=\"wp-block-image size-large\"><img loading=\"lazy\" decoding=\"async\" width=\"1024\" height=\"683\" src=\"https:\/\/sloveniafamilyholidays.com\/wp-content\/uploads\/fish-baby-1024x683.webp\" alt=\"fiskbebis\" class=\"wp-image-246\" srcset=\"https:\/\/sloveniafamilyholidays.com\/wp-content\/uploads\/fish-baby-1024x683.webp 1024w, https:\/\/sloveniafamilyholidays.com\/wp-content\/uploads\/fish-baby-300x200.webp 300w, https:\/\/sloveniafamilyholidays.com\/wp-content\/uploads\/fish-baby-768x512.webp 768w, https:\/\/sloveniafamilyholidays.com\/wp-content\/uploads\/fish-baby-1536x1024.webp 1536w, https:\/\/sloveniafamilyholidays.com\/wp-content\/uploads\/fish-baby-2048x1365.webp 2048w, https:\/\/sloveniafamilyholidays.com\/wp-content\/uploads\/fish-baby-18x12.webp 18w, https:\/\/sloveniafamilyholidays.com\/wp-content\/uploads\/fish-baby-scaled.webp 1920w\" sizes=\"auto, (max-width: 1024px) 100vw, 1024px\" \/><figcaption class=\"wp-element-caption\">Vi vill skapa den b\u00e4sta upplevelsen f\u00f6r varje familj.<\/figcaption><\/figure>\n\n\n\n<p>Vill du ta med din ton\u00e5ring till <strong>vandring<\/strong> eller . <strong>cykling<\/strong> och kombinera det med <strong>sightseeing<\/strong> av Sloveniens ber\u00f6mda landm\u00e4rken? Vi ser till att det blir verklighet!<\/p>\n\n\n\n<p>Vad s\u00e4gs om en <strong>vattenpark<\/strong> med m\u00e5nga diabilder och ett bes\u00f6k p\u00e5 Ljubljanas <strong>zoo<\/strong> f\u00f6r din yngsta? Ha s\u00e5 kul!<\/p>\n\n\n\n<figure class=\"wp-block-image size-large\"><img loading=\"lazy\" decoding=\"async\" width=\"1024\" height=\"553\" src=\"https:\/\/sloveniafamilyholidays.com\/wp-content\/uploads\/hiking-alps-family-1024x553.webp\" alt=\"vandring alperna familj\" class=\"wp-image-249\" srcset=\"https:\/\/sloveniafamilyholidays.com\/wp-content\/uploads\/hiking-alps-family-1024x553.webp 1024w, https:\/\/sloveniafamilyholidays.com\/wp-content\/uploads\/hiking-alps-family-300x162.webp 300w, https:\/\/sloveniafamilyholidays.com\/wp-content\/uploads\/hiking-alps-family-768x415.webp 768w, https:\/\/sloveniafamilyholidays.com\/wp-content\/uploads\/hiking-alps-family-1536x830.webp 1536w, https:\/\/sloveniafamilyholidays.com\/wp-content\/uploads\/hiking-alps-family-2048x1106.webp 2048w, https:\/\/sloveniafamilyholidays.com\/wp-content\/uploads\/hiking-alps-family-18x10.webp 18w, https:\/\/sloveniafamilyholidays.com\/wp-content\/uploads\/hiking-alps-family-scaled.webp 1920w\" sizes=\"auto, (max-width: 1024px) 100vw, 1024px\" \/><figcaption class=\"wp-element-caption\">Vandring med familjen<\/figcaption><\/figure>\n\n\n\n<p>Eller vill du bjuda dina smakl\u00f6kar p\u00e5 det finaste <strong>autentiskt k\u00f6k<\/strong> tillagad av k\u00e4nda slovenska kockar medan du kopplar av i en privat milj\u00f6? Klart!<\/p>\n\n\n\n<p>Finns det ett paket som kombinerar<strong> fritidsverksamhet<\/strong> med bes\u00f6k till Sloveniens st\u00f6rsta sev\u00e4rdheter, s\u00e5 vi kan fortfarande spendera en del tid med att <strong>tid f\u00f6r sig sj\u00e4lv som familj<\/strong>? Sj\u00e4lvklart kan vi ordna det \u00e5t dig!<\/p>\n\n\n\n<p>Vi \u00e4r \u00f6vertygade om att vi kan hitta den perfekta semestern f\u00f6r dig, och att du kommer att se fram emot den fr\u00e5n och med boknings\u00f6gonblicket.&nbsp;<\/p>\n\n\n\n<h2 class=\"wp-block-heading\">Flexibilitet, valuta f\u00f6r pengarna och roligt f\u00f6r alla<\/h2>\n\n\n\n<p>Vi har redan talat l\u00e4nge om f\u00f6ljande <a href=\"https:\/\/sloveniafamilyholidays.com\/sv\/slovenien-med-barn\/\">varf\u00f6r Slovenien \u00e4r ett utm\u00e4rkt resm\u00e5l att bes\u00f6ka med barnen<\/a>. Alternativen \u00e4r o\u00e4ndliga och vi erbjuder dig en chans att utforma din perfekta familjesemester. De hemliga ingredienserna \u00e4r v\u00e5r kunskap och dina \u00f6nskem\u00e5l.&nbsp;<\/p>\n\n\n\n<p>Eftersom vi arbetar utan mellanh\u00e4nder och direkt med lokala leverant\u00f6rer \u00e4r v\u00e5ra familjeresor fortfarande prisv\u00e4rda. Det finns inga dolda kostnader, utan du f\u00e5r exakt det du betalar f\u00f6r.&nbsp;<\/p>\n\n\n\n<p>Och oroa dig inte. Vi \u00e4r ett finansiellt skyddat f\u00f6retag, s\u00e5 du kan kolla in v\u00e5rt urval av de b\u00e4sta <a href=\"https:\/\/sloveniafamilyholidays.com\/sv\/turer\/\">Familjeresor till Slovenien<\/a> f\u00f6r att hitta den som passar dig. Eller s\u00e5 kan du <a href=\"https:\/\/sloveniafamilyholidays.com\/sv\/forfragan\/\">fylla i v\u00e5rt formul\u00e4r<\/a> och ber\u00e4tta hur ni vill att er familjesemester ska se ut, s\u00e5 kan vi sk\u00f6ta resten.<\/p>\n\n\n\n<p>Om du letar efter en annan typ av semester, kan du kolla in v\u00e5ra p\u00e5litliga partners. <a href=\"https:\/\/slovenia-holidays.com\/\">Semester i Slovenien<\/a>. Och f\u00f6r olika turer och resor, se <a href=\"https:\/\/sloveniatours.com\">Turer i Slovenien<\/a> och <a href=\"https:\/\/day-trips-slovenia.com\/\">Dagsturer Slovenien<\/a>.<\/p>\n\n\n\n<p>F\u00f6r allt annat kan du kolla in <a href=\"https:\/\/slovenia-discovery.com\/\">Uppt\u00e4ckten i Slovenien<\/a>.<\/p>","protected":false},"excerpt":{"rendered":"<p>Att skapa minnesv\u00e4rda upplevelser f\u00f6r bes\u00f6kare i Slovenien har alltid varit en hobby f\u00f6r mig. Att varje dag vara ute i naturen eller bland kulturskatter tillsammans med andra sp\u00e4nnande m\u00e4nniskor, liksom den dynamiska aspekten av ett vanligt jobb, uppmuntrar mig. Det \u00e4r d\u00e4rf\u00f6r jag har arbetat som turistguide s\u00e5 l\u00e4nge. Under min grundutbildning ... <a href=\"https:\/\/sloveniafamilyholidays.com\/sv\/about-us\/\">Forts\u00e4ttning<\/a><\/p>","protected":false},"author":43,"featured_media":296,"parent":0,"menu_order":0,"comment_status":"open","ping_status":"open","template":"","meta":{"_acf_changed":false,"footnotes":""},"class_list":["post-24","page","type-page","status-publish","has-post-thumbnail","hentry"],"acf":{"page_subheading":"Slovenia is a small paradise for families, and our team knows it \u2014 our goal is to introduce our beautiful piece of land to as many happy families as possible."},"_links":{"self":[{"href":"https:\/\/sloveniafamilyholidays.com\/sv\/wp-json\/wp\/v2\/pages\/24","targetHints":{"allow":["GET"]}}],"collection":[{"href":"https:\/\/sloveniafamilyholidays.com\/sv\/wp-json\/wp\/v2\/pages"}],"about":[{"href":"https:\/\/sloveniafamilyholidays.com\/sv\/wp-json\/wp\/v2\/types\/page"}],"author":[{"embeddable":true,"href":"https:\/\/sloveniafamilyholidays.com\/sv\/wp-json\/wp\/v2\/users\/43"}],"replies":[{"embeddable":true,"href":"https:\/\/sloveniafamilyholidays.com\/sv\/wp-json\/wp\/v2\/comments?post=24"}],"version-history":[{"count":9,"href":"https:\/\/sloveniafamilyholidays.com\/sv\/wp-json\/wp\/v2\/pages\/24\/revisions"}],"predecessor-version":[{"id":528,"href":"https:\/\/sloveniafamilyholidays.com\/sv\/wp-json\/wp\/v2\/pages\/24\/revisions\/528"}],"wp:featuredmedia":[{"embeddable":true,"href":"https:\/\/sloveniafamilyholidays.com\/sv\/wp-json\/wp\/v2\/media\/296"}],"wp:attachment":[{"href":"https:\/\/sloveniafamilyholidays.com\/sv\/wp-json\/wp\/v2\/media?parent=24"}],"curies":[{"name":"wp","href":"https:\/\/api.w.org\/{rel}","templated":true}]}}